{"id":1558,"date":"2011-07-27T19:59:23","date_gmt":"2011-07-27T22:59:23","guid":{"rendered":"http:\/\/actiongroup.com.ar\/?page_id=1558"},"modified":"2025-09-13T22:59:11","modified_gmt":"2025-09-14T01:59:11","slug":"capacitacion-y-entrenamiento","status":"publish","type":"page","link":"https:\/\/actiongroup.com.ar\/es\/nuestros-servicios\/capacitacion-y-entrenamiento\/","title":{"rendered":"Capacitaci\u00f3n y Entrenamiento"},"content":{"rendered":"\n<p class=\"has-text-align-left wp-block-paragraph\"><strong>Ofrecemos Cursos y Talleres dise\u00f1ados a medida para impulsar los resultados de su organizaci\u00f3n.<\/strong><br>Acompa\u00f1amos la&nbsp;<strong>gesti\u00f3n interna de la capacitaci\u00f3n<\/strong>&nbsp;como socios estrat\u00e9gicos en cada acci\u00f3n formativa.<br>Desarrollamos <strong>Programas de Liderazgo y Mejora Continua <\/strong>que generan resultados visibles desde el inicio y aseguran una <strong>transformaci\u00f3n duradera en su organizaci\u00f3n<\/strong>.<\/p>\n\n\n\n<div class=\"wp-block-columns is-layout-flex wp-container-core-columns-is-layout-8f761849 wp-block-columns-is-layout-flex\">\n<div class=\"wp-block-column is-layout-flow wp-block-column-is-layout-flow\">\n<h3 class=\"wp-block-heading\">Cursos para el Desarrollo de <br>Habilidades Blandas<\/h3>\n\n\n\n<ul class=\"wp-block-list\">\n<li>Trabajo en equipo<\/li>\n\n\n\n<li>Herramientas para la comunicaci\u00f3n efectiva<\/li>\n\n\n\n<li>Taller de Formaci\u00f3n de Mandos Medios<\/li>\n\n\n\n<li>An\u00e1lisis de Problemas y Toma de Decisiones en Equipo<\/li>\n\n\n\n<li>Kaizen Teian. Nueva tendencia en Sistemas de Propuestas.<\/li>\n<\/ul>\n<\/div>\n\n\n\n<div class=\"wp-block-column is-layout-flow wp-block-column-is-layout-flow\">\n<h3 class=\"wp-block-heading\">Workshop Vivenciales<\/h3>\n\n\n\n<ul class=\"wp-block-list\">\n<li>La efectividad del Trabajo en Equipo<\/li>\n\n\n\n<li>La importancia de la Planificaci\u00f3n y asignaci\u00f3n de funciones<\/li>\n\n\n\n<li>El desarrollo de las Competencias para la Autogesti\u00f3n<\/li>\n\n\n\n<li>T\u00e9cnicas para construir y Liderar Equipos de Trabajo<\/li>\n\n\n\n<li>La comunicaci\u00f3n efectiva en la empresa<\/li>\n\n\n\n<li>Visi\u00f3n Compartida y Planificaci\u00f3n Estrat\u00e9gica<\/li>\n\n\n\n<li>Creaci\u00f3n de Planes de Acci\u00f3n y Asignaci\u00f3n de Funciones<\/li>\n\n\n\n<li>El desarrollo de las Competencias para la Autogesti\u00f3n<\/li>\n<\/ul>\n<\/div>\n\n\n\n<div class=\"wp-block-column is-layout-flow wp-block-column-is-layout-flow\">\n<h3 class=\"wp-block-heading\">Seminarios Te\u00f3rico \/ Pr\u00e1cticos<br>TPM | Mejora Continua<\/h3>\n\n\n\n<ul class=\"wp-block-list\">\n<li><a href=\"http:\/\/actiongroup.com.ar\/?p=7\">Curso Te\u00f3rico Pr\u00e1ctico sobre Programa de 5 \u201cS\u201d: Semillas de Cambio Organizacional<\/a><\/li>\n\n\n\n<li><a href=\"http:\/\/actiongroup.com.ar\/?p=120\">Curso de Formaci\u00f3n en TPM \u2013 Mantenimiento Productivo Total<\/a><\/li>\n\n\n\n<li><a href=\"http:\/\/actiongroup.com.ar\/?p=135\">Pilares TPM \u2013 Desarrollo del Area de Recursos Humanos \u2013 Pilar de Educaci\u00f3n y Entrenamiento<\/a><\/li>\n\n\n\n<li><a href=\"http:\/\/actiongroup.com.ar\/?p=148\">Curso \u2013 Seminario Te\u00f3rico Pr\u00e1ctico de SMED: Single-Minute Exchange of Die (Recambio R\u00e1pido de Utiles)<\/a><\/li>\n\n\n\n<li>Herramientas de Mejora Continua<\/li>\n\n\n\n<li>Factores Cr\u00edticos de Exito e Indicadores de Gesti\u00f3n.<\/li>\n\n\n\n<li>Gerenciamiento visual: una pol\u00edtica de comunicaci\u00f3n y participaci\u00f3n.<\/li>\n<\/ul>\n<\/div>\n<\/div>\n\n\n\n<h3 class=\"wp-block-heading\">&nbsp;<\/h3>\n\n\n\n<p class=\"wp-block-paragraph\">Estamos especializados en la realizaci\u00f3n de <strong>Juegos de Empresa<\/strong> basados en la tecnolog\u00eda alemana CEFE*, cuyo foco son <strong>Talleres Vivenciales<\/strong> para facilitar el aprendizaje grupal.<\/p>\n\n\n\n<div style=\"height:39px\" aria-hidden=\"true\" class=\"wp-block-spacer\"><\/div>\n\n\n\n<div class=\"wp-block-buttons is-content-justification-center is-layout-flex wp-container-core-buttons-is-layout-fe48e5de wp-block-buttons-is-layout-flex\">\n<div class=\"wp-block-button is-style-fill\"><a class=\"wp-block-button__link has-white-color has-text-color has-background has-link-color has-medium-font-size has-custom-font-size wp-element-button\" href=\"http:\/\/actiongroup.com.ar\/contacto\" style=\"border-top-left-radius:0px;border-top-right-radius:0px;border-bottom-left-radius:0px;border-bottom-right-radius:0px;background-color:#bf001f\">Contactenos<\/a><\/div>\n<\/div>\n\n\n\n<div style=\"height:40px\" aria-hidden=\"true\" class=\"wp-block-spacer\"><\/div>\n\n\n\n<hr class=\"wp-block-separator has-text-color has-alpha-channel-opacity has-background is-style-wide\" style=\"background-color:#e2e2e2;color:#e2e2e2\"\/>\n\n\n\n<h2 class=\"wp-block-heading has-text-align-center\">Beneficios para su organizaci\u00f3n<\/h2>\n\n\n\n<p class=\"has-text-align-center wp-block-paragraph\">R\u00e1pido traslado a la pr\u00e1ctica<br>Adecuaci\u00f3n a las necesidades particulares de su empresa<br>Resultados medibles y observables<br>Conocimientos instalados en la organizaci\u00f3n una vez finalizado el proceso<br>Gesti\u00f3n profesional de la capacitaci\u00f3n<br>Coaching posterior<\/p>\n\n\n\n<div style=\"height:100px\" aria-hidden=\"true\" class=\"wp-block-spacer\"><\/div>\n\n\n\n<p class=\"wp-block-paragraph\"><br><small>* CEFE: Competency based Economies through Formation of Enterprise. CEFE  is Trademark of Deutsche Gesellschaft f\u00fcr Technische Zusammenarbeit (GTZ) GmbH <\/small><\/p>\n\n\n\n<p class=\"wp-block-paragraph\">&nbsp;<\/p>\n","protected":false},"excerpt":{"rendered":"<p>Ofrecemos Cursos y Talleres dise\u00f1ados a medida para impulsar los&#8230; <\/p>\n","protected":false},"author":4,"featured_media":1626,"parent":2789,"menu_order":0,"comment_status":"closed","ping_status":"closed","template":"template-full-width.php","meta":{"_acf_changed":false,"_crdt_document":"","footnotes":""},"class_list":["post-1558","page","type-page","status-publish","has-post-thumbnail","hentry"],"acf":[],"yoast_head":"<!-- This site is optimized with the Yoast SEO plugin v27.4 - https:\/\/yoast.com\/product\/yoast-seo-wordpress\/ -->\n<title>Capacitaci\u00f3n y Entrenamiento - Action Group, Education &amp; Consulting<\/title>\n<meta name=\"description\" content=\"Ofrecemos Cursos y Talleres dise\u00f1ados a medida para impulsar los resultados de su organizaci\u00f3n.Acompa\u00f1amos la&nbsp;gesti\u00f3n interna de la\" \/>\n<meta name=\"robots\" content=\"index, follow, max-snippet:-1, max-image-preview:large, max-video-preview:-1\" \/>\n<link rel=\"canonical\" href=\"https:\/\/actiongroup.com.ar\/es\/nuestros-servicios\/capacitacion-y-entrenamiento\/\" \/>\n<meta property=\"og:locale\" content=\"es_ES\" \/>\n<meta property=\"og:type\" content=\"article\" \/>\n<meta property=\"og:title\" content=\"Capacitaci\u00f3n y Entrenamiento - Action Group, Education &amp; Consulting\" \/>\n<meta property=\"og:description\" content=\"Ofrecemos Cursos y Talleres dise\u00f1ados a medida para impulsar los resultados de su organizaci\u00f3n.Acompa\u00f1amos la&nbsp;gesti\u00f3n interna de la\" \/>\n<meta property=\"og:url\" content=\"https:\/\/actiongroup.com.ar\/es\/nuestros-servicios\/capacitacion-y-entrenamiento\/\" \/>\n<meta property=\"og:site_name\" content=\"Action Group, Education &amp; Consulting\" \/>\n<meta property=\"article:publisher\" content=\"https:\/\/web.facebook.com\/ActionGroup\/?ref=ts&amp;amp%3bamp%3bamp%3bfref=ts\" \/>\n<meta property=\"article:modified_time\" content=\"2025-09-14T01:59:11+00:00\" \/>\n<meta property=\"og:image\" content=\"http:\/\/actiongroup.com.ar\/wp-content\/uploads\/2011\/01\/action.png\" \/>\n\t<meta property=\"og:image:width\" content=\"500\" \/>\n\t<meta property=\"og:image:height\" content=\"500\" \/>\n\t<meta property=\"og:image:type\" content=\"image\/png\" \/>\n<meta name=\"twitter:card\" content=\"summary_large_image\" \/>\n<meta name=\"twitter:site\" content=\"@actiongroup_ar\" \/>\n<meta name=\"twitter:label1\" content=\"Tiempo de lectura\" \/>\n\t<meta name=\"twitter:data1\" content=\"2 minutos\" \/>\n<script type=\"application\/ld+json\" class=\"yoast-schema-graph\">{\"@context\":\"https:\\\/\\\/schema.org\",\"@graph\":[{\"@type\":\"WebPage\",\"@id\":\"https:\\\/\\\/actiongroup.com.ar\\\/nuestros-servicios\\\/capacitacion-y-entrenamiento\\\/\",\"url\":\"https:\\\/\\\/actiongroup.com.ar\\\/nuestros-servicios\\\/capacitacion-y-entrenamiento\\\/\",\"name\":\"Capacitaci\u00f3n y Entrenamiento - Action Group, Education &amp; Consulting\",\"isPartOf\":{\"@id\":\"https:\\\/\\\/actiongroup.com.ar\\\/#website\"},\"primaryImageOfPage\":{\"@id\":\"https:\\\/\\\/actiongroup.com.ar\\\/nuestros-servicios\\\/capacitacion-y-entrenamiento\\\/#primaryimage\"},\"image\":{\"@id\":\"https:\\\/\\\/actiongroup.com.ar\\\/nuestros-servicios\\\/capacitacion-y-entrenamiento\\\/#primaryimage\"},\"thumbnailUrl\":\"https:\\\/\\\/actiongroup.com.ar\\\/wp-content\\\/uploads\\\/2011\\\/01\\\/action.png\",\"datePublished\":\"2011-07-27T22:59:23+00:00\",\"dateModified\":\"2025-09-14T01:59:11+00:00\",\"description\":\"Ofrecemos Cursos y Talleres dise\u00f1ados a medida para impulsar los resultados de su organizaci\u00f3n.Acompa\u00f1amos la&nbsp;gesti\u00f3n interna de la\",\"breadcrumb\":{\"@id\":\"https:\\\/\\\/actiongroup.com.ar\\\/nuestros-servicios\\\/capacitacion-y-entrenamiento\\\/#breadcrumb\"},\"inLanguage\":\"es-AR\",\"potentialAction\":[{\"@type\":\"ReadAction\",\"target\":[\"https:\\\/\\\/actiongroup.com.ar\\\/nuestros-servicios\\\/capacitacion-y-entrenamiento\\\/\"]}]},{\"@type\":\"ImageObject\",\"inLanguage\":\"es-AR\",\"@id\":\"https:\\\/\\\/actiongroup.com.ar\\\/nuestros-servicios\\\/capacitacion-y-entrenamiento\\\/#primaryimage\",\"url\":\"https:\\\/\\\/actiongroup.com.ar\\\/wp-content\\\/uploads\\\/2011\\\/01\\\/action.png\",\"contentUrl\":\"https:\\\/\\\/actiongroup.com.ar\\\/wp-content\\\/uploads\\\/2011\\\/01\\\/action.png\",\"width\":500,\"height\":500},{\"@type\":\"BreadcrumbList\",\"@id\":\"https:\\\/\\\/actiongroup.com.ar\\\/nuestros-servicios\\\/capacitacion-y-entrenamiento\\\/#breadcrumb\",\"itemListElement\":[{\"@type\":\"ListItem\",\"position\":1,\"name\":\"Home\",\"item\":\"https:\\\/\\\/actiongroup.com.ar\\\/\"},{\"@type\":\"ListItem\",\"position\":2,\"name\":\"Nuestros servicios\",\"item\":\"https:\\\/\\\/actiongroup.com.ar\\\/nuestros-servicios\\\/\"},{\"@type\":\"ListItem\",\"position\":3,\"name\":\"Capacitaci\u00f3n y Entrenamiento\"}]},{\"@type\":\"WebSite\",\"@id\":\"https:\\\/\\\/actiongroup.com.ar\\\/#website\",\"url\":\"https:\\\/\\\/actiongroup.com.ar\\\/\",\"name\":\"Action Group, Education &amp; Consulting\",\"description\":\"Desarrollo Organizacional, Excelencia Operacional, RRHH y Selecci\u00f3n\",\"publisher\":{\"@id\":\"https:\\\/\\\/actiongroup.com.ar\\\/#organization\"},\"potentialAction\":[{\"@type\":\"SearchAction\",\"target\":{\"@type\":\"EntryPoint\",\"urlTemplate\":\"https:\\\/\\\/actiongroup.com.ar\\\/?s={search_term_string}\"},\"query-input\":{\"@type\":\"PropertyValueSpecification\",\"valueRequired\":true,\"valueName\":\"search_term_string\"}}],\"inLanguage\":\"es-AR\"},{\"@type\":\"Organization\",\"@id\":\"https:\\\/\\\/actiongroup.com.ar\\\/#organization\",\"name\":\"Action Group, Education & Consulting\",\"url\":\"https:\\\/\\\/actiongroup.com.ar\\\/\",\"logo\":{\"@type\":\"ImageObject\",\"inLanguage\":\"es-AR\",\"@id\":\"https:\\\/\\\/actiongroup.com.ar\\\/#\\\/schema\\\/logo\\\/image\\\/\",\"url\":\"https:\\\/\\\/i1.wp.com\\\/www.actiongroup.com.ar\\\/wp-content\\\/uploads\\\/2016\\\/10\\\/logo.png?fit=342%2C69\",\"contentUrl\":\"https:\\\/\\\/i1.wp.com\\\/www.actiongroup.com.ar\\\/wp-content\\\/uploads\\\/2016\\\/10\\\/logo.png?fit=342%2C69\",\"width\":342,\"height\":69,\"caption\":\"Action Group, Education & Consulting\"},\"image\":{\"@id\":\"https:\\\/\\\/actiongroup.com.ar\\\/#\\\/schema\\\/logo\\\/image\\\/\"},\"sameAs\":[\"https:\\\/\\\/web.facebook.com\\\/ActionGroup\\\/?ref=ts&amp;amp;amp;fref=ts\",\"https:\\\/\\\/x.com\\\/actiongroup_ar\",\"https:\\\/\\\/ar.linkedin.com\\\/in\\\/ra\u00fal-a-perez-verzini-b5213b1\\\/es\"]}]}<\/script>\n<!-- \/ Yoast SEO plugin. -->","yoast_head_json":{"title":"Capacitaci\u00f3n y Entrenamiento - Action Group, Education &amp; Consulting","description":"Ofrecemos Cursos y Talleres dise\u00f1ados a medida para impulsar los resultados de su organizaci\u00f3n.Acompa\u00f1amos la&nbsp;gesti\u00f3n interna de la","robots":{"index":"index","follow":"follow","max-snippet":"max-snippet:-1","max-image-preview":"max-image-preview:large","max-video-preview":"max-video-preview:-1"},"canonical":"https:\/\/actiongroup.com.ar\/es\/nuestros-servicios\/capacitacion-y-entrenamiento\/","og_locale":"es_ES","og_type":"article","og_title":"Capacitaci\u00f3n y Entrenamiento - Action Group, Education &amp; Consulting","og_description":"Ofrecemos Cursos y Talleres dise\u00f1ados a medida para impulsar los resultados de su organizaci\u00f3n.Acompa\u00f1amos la&nbsp;gesti\u00f3n interna de la","og_url":"https:\/\/actiongroup.com.ar\/es\/nuestros-servicios\/capacitacion-y-entrenamiento\/","og_site_name":"Action Group, Education &amp; Consulting","article_publisher":"https:\/\/web.facebook.com\/ActionGroup\/?ref=ts&amp%3bamp%3bamp%3bfref=ts","article_modified_time":"2025-09-14T01:59:11+00:00","og_image":[{"width":500,"height":500,"url":"http:\/\/actiongroup.com.ar\/wp-content\/uploads\/2011\/01\/action.png","type":"image\/png"}],"twitter_card":"summary_large_image","twitter_site":"@actiongroup_ar","twitter_misc":{"Tiempo de lectura":"2 minutos"},"schema":{"@context":"https:\/\/schema.org","@graph":[{"@type":"WebPage","@id":"https:\/\/actiongroup.com.ar\/nuestros-servicios\/capacitacion-y-entrenamiento\/","url":"https:\/\/actiongroup.com.ar\/nuestros-servicios\/capacitacion-y-entrenamiento\/","name":"Capacitaci\u00f3n y Entrenamiento - Action Group, Education &amp; Consulting","isPartOf":{"@id":"https:\/\/actiongroup.com.ar\/#website"},"primaryImageOfPage":{"@id":"https:\/\/actiongroup.com.ar\/nuestros-servicios\/capacitacion-y-entrenamiento\/#primaryimage"},"image":{"@id":"https:\/\/actiongroup.com.ar\/nuestros-servicios\/capacitacion-y-entrenamiento\/#primaryimage"},"thumbnailUrl":"https:\/\/actiongroup.com.ar\/wp-content\/uploads\/2011\/01\/action.png","datePublished":"2011-07-27T22:59:23+00:00","dateModified":"2025-09-14T01:59:11+00:00","description":"Ofrecemos Cursos y Talleres dise\u00f1ados a medida para impulsar los resultados de su organizaci\u00f3n.Acompa\u00f1amos la&nbsp;gesti\u00f3n interna de la","breadcrumb":{"@id":"https:\/\/actiongroup.com.ar\/nuestros-servicios\/capacitacion-y-entrenamiento\/#breadcrumb"},"inLanguage":"es-AR","potentialAction":[{"@type":"ReadAction","target":["https:\/\/actiongroup.com.ar\/nuestros-servicios\/capacitacion-y-entrenamiento\/"]}]},{"@type":"ImageObject","inLanguage":"es-AR","@id":"https:\/\/actiongroup.com.ar\/nuestros-servicios\/capacitacion-y-entrenamiento\/#primaryimage","url":"https:\/\/actiongroup.com.ar\/wp-content\/uploads\/2011\/01\/action.png","contentUrl":"https:\/\/actiongroup.com.ar\/wp-content\/uploads\/2011\/01\/action.png","width":500,"height":500},{"@type":"BreadcrumbList","@id":"https:\/\/actiongroup.com.ar\/nuestros-servicios\/capacitacion-y-entrenamiento\/#breadcrumb","itemListElement":[{"@type":"ListItem","position":1,"name":"Home","item":"https:\/\/actiongroup.com.ar\/"},{"@type":"ListItem","position":2,"name":"Nuestros servicios","item":"https:\/\/actiongroup.com.ar\/nuestros-servicios\/"},{"@type":"ListItem","position":3,"name":"Capacitaci\u00f3n y Entrenamiento"}]},{"@type":"WebSite","@id":"https:\/\/actiongroup.com.ar\/#website","url":"https:\/\/actiongroup.com.ar\/","name":"Action Group, Education &amp; Consulting","description":"Desarrollo Organizacional, Excelencia Operacional, RRHH y Selecci\u00f3n","publisher":{"@id":"https:\/\/actiongroup.com.ar\/#organization"},"potentialAction":[{"@type":"SearchAction","target":{"@type":"EntryPoint","urlTemplate":"https:\/\/actiongroup.com.ar\/?s={search_term_string}"},"query-input":{"@type":"PropertyValueSpecification","valueRequired":true,"valueName":"search_term_string"}}],"inLanguage":"es-AR"},{"@type":"Organization","@id":"https:\/\/actiongroup.com.ar\/#organization","name":"Action Group, Education & Consulting","url":"https:\/\/actiongroup.com.ar\/","logo":{"@type":"ImageObject","inLanguage":"es-AR","@id":"https:\/\/actiongroup.com.ar\/#\/schema\/logo\/image\/","url":"https:\/\/i1.wp.com\/www.actiongroup.com.ar\/wp-content\/uploads\/2016\/10\/logo.png?fit=342%2C69","contentUrl":"https:\/\/i1.wp.com\/www.actiongroup.com.ar\/wp-content\/uploads\/2016\/10\/logo.png?fit=342%2C69","width":342,"height":69,"caption":"Action Group, Education & Consulting"},"image":{"@id":"https:\/\/actiongroup.com.ar\/#\/schema\/logo\/image\/"},"sameAs":["https:\/\/web.facebook.com\/ActionGroup\/?ref=ts&amp;amp;amp;fref=ts","https:\/\/x.com\/actiongroup_ar","https:\/\/ar.linkedin.com\/in\/ra\u00fal-a-perez-verzini-b5213b1\/es"]}]}},"publishpress_future_action":{"enabled":false,"date":"2026-05-04 01:40:19","action":"change-status","newStatus":"draft","terms":[],"taxonomy":"","extraData":[]},"publishpress_future_workflow_manual_trigger":{"enabledWorkflows":[]},"_links":{"self":[{"href":"https:\/\/actiongroup.com.ar\/es\/wp-json\/wp\/v2\/pages\/1558","targetHints":{"allow":["GET"]}}],"collection":[{"href":"https:\/\/actiongroup.com.ar\/es\/wp-json\/wp\/v2\/pages"}],"about":[{"href":"https:\/\/actiongroup.com.ar\/es\/wp-json\/wp\/v2\/types\/page"}],"author":[{"embeddable":true,"href":"https:\/\/actiongroup.com.ar\/es\/wp-json\/wp\/v2\/users\/4"}],"replies":[{"embeddable":true,"href":"https:\/\/actiongroup.com.ar\/es\/wp-json\/wp\/v2\/comments?post=1558"}],"version-history":[{"count":23,"href":"https:\/\/actiongroup.com.ar\/es\/wp-json\/wp\/v2\/pages\/1558\/revisions"}],"predecessor-version":[{"id":17862,"href":"https:\/\/actiongroup.com.ar\/es\/wp-json\/wp\/v2\/pages\/1558\/revisions\/17862"}],"up":[{"embeddable":true,"href":"https:\/\/actiongroup.com.ar\/es\/wp-json\/wp\/v2\/pages\/2789"}],"wp:featuredmedia":[{"embeddable":true,"href":"https:\/\/actiongroup.com.ar\/es\/wp-json\/wp\/v2\/media\/1626"}],"wp:attachment":[{"href":"https:\/\/actiongroup.com.ar\/es\/wp-json\/wp\/v2\/media?parent=1558"}],"curies":[{"name":"wp","href":"https:\/\/api.w.org\/{rel}","templated":true}]}}